{"id":838,"date":"2022-04-01T07:28:00","date_gmt":"2022-04-01T07:28:00","guid":{"rendered":"https:\/\/proparea.pl\/steico-prefabricerar\/"},"modified":"2022-04-01T07:28:17","modified_gmt":"2022-04-01T07:28:17","slug":"steico-prefabricerar","status":"publish","type":"page","link":"https:\/\/proparea.pl\/sv\/steico-prefabricerar\/","title":{"rendered":"STEICO prefabricerar"},"content":{"rendered":"\n<div class=\"wp-block-columns is-layout-flex wp-container-core-columns-is-layout-9d6595d7 wp-block-columns-is-layout-flex\">\n<div class=\"wp-block-column is-layout-flow wp-block-column-is-layout-flow\" style=\"flex-basis:60%\">\n<p>Ekologi, ekonomi och socialpolitik. Dessa omr\u00e5den i STEICO kallas f\u00f6r h\u00e5llbar utveckling. STEICO \u00e4r ekologiska produkter gjorda av milj\u00f6v\u00e4nliga r\u00e5varor. De kan anv\u00e4ndas vid modernisering av byggnader och n\u00e4r det g\u00e4ller att bygga ett nytt hem. De m\u00f6jligg\u00f6r byggandet av framtidss\u00e4kra, h\u00e4lsosamma byggnader av exceptionell kvalitet.<\/p>\n<\/div>\n\n\n\n<div class=\"wp-block-column is-layout-flow wp-block-column-is-layout-flow\" style=\"flex-basis:40%\">\n<figure class=\"wp-block-image size-full is-resized\"><img loading=\"lazy\" decoding=\"async\" src=\"https:\/\/proparea.pl\/wp-content\/uploads\/2022\/03\/steico-naturlich-besser-dammen.jpg\" alt=\"\" class=\"wp-image-799\" width=\"322\" height=\"181\" srcset=\"https:\/\/proparea.pl\/wp-content\/uploads\/2022\/03\/steico-naturlich-besser-dammen.jpg 500w, https:\/\/proparea.pl\/wp-content\/uploads\/2022\/03\/steico-naturlich-besser-dammen-300x169.jpg 300w\" sizes=\"auto, (max-width: 322px) 100vw, 322px\" \/><\/figure>\n<\/div>\n<\/div>\n\n<div style=\"height:50px\" aria-hidden=\"true\" class=\"wp-block-spacer\"><\/div>\n\n<h2 class=\"wp-block-heading\"><strong>Hus i STEICO ramteknik<\/strong><\/h2>\n\n<div style=\"height:20px\" aria-hidden=\"true\" class=\"wp-block-spacer\"><\/div>\n\n<div class=\"wp-block-columns is-layout-flex wp-container-core-columns-is-layout-9d6595d7 wp-block-columns-is-layout-flex\">\n<div class=\"wp-block-column is-layout-flow wp-block-column-is-layout-flow\" style=\"flex-basis:40%\">\n<figure class=\"wp-block-image size-full\"><img loading=\"lazy\" decoding=\"async\" width=\"500\" height=\"408\" src=\"https:\/\/proparea.pl\/wp-content\/uploads\/2022\/03\/proparea-szkielet-domu-steico-c24.webp\" alt=\"\" class=\"wp-image-687\" srcset=\"https:\/\/proparea.pl\/wp-content\/uploads\/2022\/03\/proparea-szkielet-domu-steico-c24.webp 500w, https:\/\/proparea.pl\/wp-content\/uploads\/2022\/03\/proparea-szkielet-domu-steico-c24-300x245.webp 300w\" sizes=\"auto, (max-width: 500px) 100vw, 500px\" \/><\/figure>\n<\/div>\n\n\n\n<div class=\"wp-block-column is-layout-flow wp-block-column-is-layout-flow\" style=\"flex-basis:60%\">\n<p><strong>Ett ramhus f\u00f6r generationer<\/strong> M\u00e5nga tror att en kanadensare \u00e4r ett hus f\u00f6r en generation. Erfarenheter fr\u00e5n andra l\u00e4nder mots\u00e4ger detta. I USA och Skandinavien finns det hundra \u00e5r gamla timmerhus. De \u00e4r gjorda av tr\u00e4 av god kvalitet, v\u00e4lisolerade och skyddade mot de skadliga effekterna av v\u00e4derf\u00f6rh\u00e5llanden. Viktigt \u00e4r att kanadensare l\u00e4tt kan anpassas till en ny livssituation. Du kan enkelt ordna om inredningen eller vid behov l\u00e4gga till en ny del av huset. <strong>Fem trender som kommer att f\u00f6r\u00e4ndra tr\u00e4byggnadsmarknaden i Polen<\/strong><\/p>\n\n\n\n<ul class=\"wp-block-list\"><li><strong>Prefabricering<\/strong> &#8211; att bygga av prefabricerade element kr\u00e4ver f\u00e4rre anst\u00e4llda, och tack vare exakt gjorda element \u00e4r det mer exakt och tar mycket kortare tid, vilket f\u00f6rkortar hela investeringsprocessen<\/li><li><strong>Energieffektivitet<\/strong> &#8211; det \u00e4r viktigt att medvetet och rationellt v\u00e4lja byggteknik och material som g\u00f6r det m\u00f6jligt att erh\u00e5lla de n\u00f6dv\u00e4ndiga parametrarna som h\u00e4rr\u00f6r fr\u00e5n Europeiska unionens klimatantaganden, utan att uts\u00e4tta investeraren f\u00f6r kostsamma och tidskr\u00e4vande moderniseringsarbeten<\/li><li><strong>Behovet av komfort<\/strong> &#8211; hus i STEICO byggsystem \u00e4r ett medvetet val f\u00f6r att leva i harmoni med naturen. Vid konstruktionen av byggnadsv\u00e4ggar designade i STEICO-tekniken anv\u00e4nds v\u00e4rmeisolering av naturliga tr\u00e4fibrer, som inte bara fr\u00e4mjar inv\u00e5narnas h\u00e4lsa och v\u00e4lbefinnande, utan ocks\u00e5 fungerar som en v\u00e4rmebuffert p\u00e5 vintern och en barri\u00e4r mot v\u00e4rme i sommar.<\/li><li><strong>Ekologi<\/strong> &#8211; tr\u00e4hus i STEICO byggsystem passar perfekt in i de v\u00e4xande pro-ekologiska trenderna. Genom att binda CO2 \u00f6kar inte byggnaden v\u00e4xthuseffekten, och tack vare optimal v\u00e4rmeisolering av tr\u00e4fibrer minskar det behovet av v\u00e4rmeenergi.<\/li><li><strong>Socialt ansvar<\/strong> \u2013 H\u00e5llbart byggande m\u00e5ste g\u00e5 \u00f6ver till naturliga f\u00f6rnybara material med l\u00e5gt koldioxidavtryck och teknik som kr\u00e4ver betydligt mindre energi \u00e4n konventionella metoder<\/li><\/ul>\n<\/div>\n<\/div>\n","protected":false},"excerpt":{"rendered":"<p>Ekologi, ekonomi och socialpolitik. Dessa omr\u00e5den i STEICO kallas f\u00f6r h\u00e5llbar utveckling. STEICO \u00e4r ekologiska produkter gjorda av milj\u00f6v\u00e4nliga r\u00e5varor. De kan anv\u00e4ndas vid modernisering av byggnader och n\u00e4r det g\u00e4ller att bygga ett nytt hem. De m\u00f6jligg\u00f6r byggandet av framtidss\u00e4kra, h\u00e4lsosamma byggnader av exceptionell kvalitet. Hus i STEICO ramteknik Ett ramhus f\u00f6r generationer M\u00e5nga [&hellip;]<\/p>\n","protected":false},"author":1,"featured_media":0,"parent":0,"menu_order":0,"comment_status":"closed","ping_status":"closed","template":"page-templates\/steico-sv.php","meta":{"footnotes":""},"class_list":["post-838","page","type-page","status-publish","hentry"],"yoast_head":"<!-- This site is optimized with the Yoast SEO plugin v27.1.1 - https:\/\/yoast.com\/product\/yoast-seo-wordpress\/ -->\n<title>STEICO prefabricerar - Proparea<\/title>\n<meta name=\"robots\" content=\"index, follow, max-snippet:-1, max-image-preview:large, max-video-preview:-1\" \/>\n<link rel=\"canonical\" href=\"https:\/\/proparea.pl\/sv\/steico-prefabricerar\/\" \/>\n<meta property=\"og:locale\" content=\"sv_SE\" \/>\n<meta property=\"og:type\" content=\"article\" \/>\n<meta property=\"og:title\" content=\"STEICO prefabricerar - Proparea\" \/>\n<meta property=\"og:description\" content=\"Ekologi, ekonomi och socialpolitik. Dessa omr\u00e5den i STEICO kallas f\u00f6r h\u00e5llbar utveckling. STEICO \u00e4r ekologiska produkter gjorda av milj\u00f6v\u00e4nliga r\u00e5varor. De kan anv\u00e4ndas vid modernisering av byggnader och n\u00e4r det g\u00e4ller att bygga ett nytt hem. De m\u00f6jligg\u00f6r byggandet av framtidss\u00e4kra, h\u00e4lsosamma byggnader av exceptionell kvalitet. Hus i STEICO ramteknik Ett ramhus f\u00f6r generationer M\u00e5nga [&hellip;]\" \/>\n<meta property=\"og:url\" content=\"https:\/\/proparea.pl\/sv\/steico-prefabricerar\/\" \/>\n<meta property=\"og:site_name\" content=\"Proparea\" \/>\n<meta property=\"article:modified_time\" content=\"2022-04-01T07:28:17+00:00\" \/>\n<meta property=\"og:image\" content=\"https:\/\/proparea.pl\/wp-content\/uploads\/2022\/03\/steico-naturlich-besser-dammen.jpg\" \/>\n<meta name=\"twitter:card\" content=\"summary_large_image\" \/>\n<meta name=\"twitter:label1\" content=\"Ber\u00e4knad l\u00e4stid\" \/>\n\t<meta name=\"twitter:data1\" content=\"2 minuter\" \/>\n<script type=\"application\/ld+json\" class=\"yoast-schema-graph\">{\"@context\":\"https:\/\/schema.org\",\"@graph\":[{\"@type\":\"WebPage\",\"@id\":\"https:\/\/proparea.pl\/sv\/steico-prefabricerar\/\",\"url\":\"https:\/\/proparea.pl\/sv\/steico-prefabricerar\/\",\"name\":\"STEICO prefabricerar - Proparea\",\"isPartOf\":{\"@id\":\"https:\/\/proparea.pl\/sv\/#website\"},\"primaryImageOfPage\":{\"@id\":\"https:\/\/proparea.pl\/sv\/steico-prefabricerar\/#primaryimage\"},\"image\":{\"@id\":\"https:\/\/proparea.pl\/sv\/steico-prefabricerar\/#primaryimage\"},\"thumbnailUrl\":\"https:\/\/proparea.pl\/wp-content\/uploads\/2022\/03\/steico-naturlich-besser-dammen.jpg\",\"datePublished\":\"2022-04-01T07:28:00+00:00\",\"dateModified\":\"2022-04-01T07:28:17+00:00\",\"breadcrumb\":{\"@id\":\"https:\/\/proparea.pl\/sv\/steico-prefabricerar\/#breadcrumb\"},\"inLanguage\":\"sv-SE\",\"potentialAction\":[{\"@type\":\"ReadAction\",\"target\":[\"https:\/\/proparea.pl\/sv\/steico-prefabricerar\/\"]}]},{\"@type\":\"ImageObject\",\"inLanguage\":\"sv-SE\",\"@id\":\"https:\/\/proparea.pl\/sv\/steico-prefabricerar\/#primaryimage\",\"url\":\"https:\/\/proparea.pl\/wp-content\/uploads\/2022\/03\/steico-naturlich-besser-dammen.jpg\",\"contentUrl\":\"https:\/\/proparea.pl\/wp-content\/uploads\/2022\/03\/steico-naturlich-besser-dammen.jpg\"},{\"@type\":\"BreadcrumbList\",\"@id\":\"https:\/\/proparea.pl\/sv\/steico-prefabricerar\/#breadcrumb\",\"itemListElement\":[{\"@type\":\"ListItem\",\"position\":1,\"name\":\"Strona g\u0142\u00f3wna\",\"item\":\"https:\/\/proparea.pl\/sv\/\"},{\"@type\":\"ListItem\",\"position\":2,\"name\":\"STEICO prefabricerar\"}]},{\"@type\":\"WebSite\",\"@id\":\"https:\/\/proparea.pl\/sv\/#website\",\"url\":\"https:\/\/proparea.pl\/sv\/\",\"name\":\"Proparea\",\"description\":\"Od projektu a\u017c po klucz\",\"publisher\":{\"@id\":\"https:\/\/proparea.pl\/sv\/#organization\"},\"potentialAction\":[{\"@type\":\"SearchAction\",\"target\":{\"@type\":\"EntryPoint\",\"urlTemplate\":\"https:\/\/proparea.pl\/sv\/?s={search_term_string}\"},\"query-input\":{\"@type\":\"PropertyValueSpecification\",\"valueRequired\":true,\"valueName\":\"search_term_string\"}}],\"inLanguage\":\"sv-SE\"},{\"@type\":\"Organization\",\"@id\":\"https:\/\/proparea.pl\/sv\/#organization\",\"name\":\"Proparea\",\"url\":\"https:\/\/proparea.pl\/sv\/\",\"logo\":{\"@type\":\"ImageObject\",\"inLanguage\":\"sv-SE\",\"@id\":\"https:\/\/proparea.pl\/sv\/#\/schema\/logo\/image\/\",\"url\":\"https:\/\/proparea.pl\/wp-content\/uploads\/2021\/08\/logo-md-e1630346040128.png\",\"contentUrl\":\"https:\/\/proparea.pl\/wp-content\/uploads\/2021\/08\/logo-md-e1630346040128.png\",\"width\":300,\"height\":214,\"caption\":\"Proparea\"},\"image\":{\"@id\":\"https:\/\/proparea.pl\/sv\/#\/schema\/logo\/image\/\"}}]}<\/script>\n<!-- \/ Yoast SEO plugin. -->","yoast_head_json":{"title":"STEICO prefabricerar - Proparea","robots":{"index":"index","follow":"follow","max-snippet":"max-snippet:-1","max-image-preview":"max-image-preview:large","max-video-preview":"max-video-preview:-1"},"canonical":"https:\/\/proparea.pl\/sv\/steico-prefabricerar\/","og_locale":"sv_SE","og_type":"article","og_title":"STEICO prefabricerar - Proparea","og_description":"Ekologi, ekonomi och socialpolitik. Dessa omr\u00e5den i STEICO kallas f\u00f6r h\u00e5llbar utveckling. STEICO \u00e4r ekologiska produkter gjorda av milj\u00f6v\u00e4nliga r\u00e5varor. De kan anv\u00e4ndas vid modernisering av byggnader och n\u00e4r det g\u00e4ller att bygga ett nytt hem. De m\u00f6jligg\u00f6r byggandet av framtidss\u00e4kra, h\u00e4lsosamma byggnader av exceptionell kvalitet. Hus i STEICO ramteknik Ett ramhus f\u00f6r generationer M\u00e5nga [&hellip;]","og_url":"https:\/\/proparea.pl\/sv\/steico-prefabricerar\/","og_site_name":"Proparea","article_modified_time":"2022-04-01T07:28:17+00:00","og_image":[{"url":"https:\/\/proparea.pl\/wp-content\/uploads\/2022\/03\/steico-naturlich-besser-dammen.jpg","type":"","width":"","height":""}],"twitter_card":"summary_large_image","twitter_misc":{"Ber\u00e4knad l\u00e4stid":"2 minuter"},"schema":{"@context":"https:\/\/schema.org","@graph":[{"@type":"WebPage","@id":"https:\/\/proparea.pl\/sv\/steico-prefabricerar\/","url":"https:\/\/proparea.pl\/sv\/steico-prefabricerar\/","name":"STEICO prefabricerar - Proparea","isPartOf":{"@id":"https:\/\/proparea.pl\/sv\/#website"},"primaryImageOfPage":{"@id":"https:\/\/proparea.pl\/sv\/steico-prefabricerar\/#primaryimage"},"image":{"@id":"https:\/\/proparea.pl\/sv\/steico-prefabricerar\/#primaryimage"},"thumbnailUrl":"https:\/\/proparea.pl\/wp-content\/uploads\/2022\/03\/steico-naturlich-besser-dammen.jpg","datePublished":"2022-04-01T07:28:00+00:00","dateModified":"2022-04-01T07:28:17+00:00","breadcrumb":{"@id":"https:\/\/proparea.pl\/sv\/steico-prefabricerar\/#breadcrumb"},"inLanguage":"sv-SE","potentialAction":[{"@type":"ReadAction","target":["https:\/\/proparea.pl\/sv\/steico-prefabricerar\/"]}]},{"@type":"ImageObject","inLanguage":"sv-SE","@id":"https:\/\/proparea.pl\/sv\/steico-prefabricerar\/#primaryimage","url":"https:\/\/proparea.pl\/wp-content\/uploads\/2022\/03\/steico-naturlich-besser-dammen.jpg","contentUrl":"https:\/\/proparea.pl\/wp-content\/uploads\/2022\/03\/steico-naturlich-besser-dammen.jpg"},{"@type":"BreadcrumbList","@id":"https:\/\/proparea.pl\/sv\/steico-prefabricerar\/#breadcrumb","itemListElement":[{"@type":"ListItem","position":1,"name":"Strona g\u0142\u00f3wna","item":"https:\/\/proparea.pl\/sv\/"},{"@type":"ListItem","position":2,"name":"STEICO prefabricerar"}]},{"@type":"WebSite","@id":"https:\/\/proparea.pl\/sv\/#website","url":"https:\/\/proparea.pl\/sv\/","name":"Proparea","description":"Od projektu a\u017c po klucz","publisher":{"@id":"https:\/\/proparea.pl\/sv\/#organization"},"potentialAction":[{"@type":"SearchAction","target":{"@type":"EntryPoint","urlTemplate":"https:\/\/proparea.pl\/sv\/?s={search_term_string}"},"query-input":{"@type":"PropertyValueSpecification","valueRequired":true,"valueName":"search_term_string"}}],"inLanguage":"sv-SE"},{"@type":"Organization","@id":"https:\/\/proparea.pl\/sv\/#organization","name":"Proparea","url":"https:\/\/proparea.pl\/sv\/","logo":{"@type":"ImageObject","inLanguage":"sv-SE","@id":"https:\/\/proparea.pl\/sv\/#\/schema\/logo\/image\/","url":"https:\/\/proparea.pl\/wp-content\/uploads\/2021\/08\/logo-md-e1630346040128.png","contentUrl":"https:\/\/proparea.pl\/wp-content\/uploads\/2021\/08\/logo-md-e1630346040128.png","width":300,"height":214,"caption":"Proparea"},"image":{"@id":"https:\/\/proparea.pl\/sv\/#\/schema\/logo\/image\/"}}]}},"_links":{"self":[{"href":"https:\/\/proparea.pl\/sv\/wp-json\/wp\/v2\/pages\/838","targetHints":{"allow":["GET"]}}],"collection":[{"href":"https:\/\/proparea.pl\/sv\/wp-json\/wp\/v2\/pages"}],"about":[{"href":"https:\/\/proparea.pl\/sv\/wp-json\/wp\/v2\/types\/page"}],"author":[{"embeddable":true,"href":"https:\/\/proparea.pl\/sv\/wp-json\/wp\/v2\/users\/1"}],"replies":[{"embeddable":true,"href":"https:\/\/proparea.pl\/sv\/wp-json\/wp\/v2\/comments?post=838"}],"version-history":[{"count":4,"href":"https:\/\/proparea.pl\/sv\/wp-json\/wp\/v2\/pages\/838\/revisions"}],"predecessor-version":[{"id":842,"href":"https:\/\/proparea.pl\/sv\/wp-json\/wp\/v2\/pages\/838\/revisions\/842"}],"wp:attachment":[{"href":"https:\/\/proparea.pl\/sv\/wp-json\/wp\/v2\/media?parent=838"}],"curies":[{"name":"wp","href":"https:\/\/api.w.org\/{rel}","templated":true}]}}